{"id":511,"date":"2019-09-02T11:53:16","date_gmt":"2019-09-02T09:53:16","guid":{"rendered":"http:\/\/gruene-holzwickede.de\/?page_id=511"},"modified":"2022-10-21T09:20:07","modified_gmt":"2022-10-21T07:20:07","slug":"holla-kostenloser-verleih-unseres-e-lastenrades","status":"publish","type":"page","link":"https:\/\/gruene-holzwickede.de\/?page_id=511","title":{"rendered":"HOLLA \u2013 kostenloser Verleih unseres E-Lastenrades"},"content":{"rendered":"\n<p>Umweltschutz\ngeht uns alle etwas an und mit unserem <strong>Hol<\/strong>zwickeder\n<strong>La<\/strong>stenrad, kurz HOLLA, bieten wir\nEuch eine kostenlose Alternative zum Auto. F\u00fcr Eink\u00e4ufe und andere\nTransportfahrten ist HOLLA der ideale Begleiter und zudem ein wahrer Blickfang.\nDie variabel \u00fcberdachte Transportbox bietet Platz f\u00fcr bis zu vier kleine Kinder\nund ist f\u00fcr die Mitnahme von bis zu 100 kg Gep\u00e4ck zugelassen. Der unterst\u00fctzende\nElektromotor bew\u00e4ltigt selbst gr\u00f6\u00dfere Steigungen problemlos&nbsp; und schafft Reichweiten von 60 \u2013 100\nKilometern ohne Zwischenaufladung. F\u00fcr Sicherheit beim Fahren sorgen die Lenkungsd\u00e4mpfer\nund mithilfe der Feststellbremse l\u00e4sst sich HOLLA schnell und einfach\nabstellen.<\/p>\n\n\n\n<p><strong>Ihr m\u00f6chtet Euch HOLLA\nkostenlos ausleihen?<\/strong><\/p>\n\n\n\n<p>Dann nutzt die bequeme <a rel=\"noreferrer noopener\" aria-label=\"Online-Reservierung (\u00f6ffnet in neuem Tab)\" href=\"https:\/\/adfc-kreis-unna.de\/ausleihe\/\" target=\"_blank\">Online-<\/a><a href=\"https:\/\/adfc-kreis-unna.de\/ausleihe\/cb_item\/holla-das-gruene-lastenrad-in-holzwickede\/\" target=\"_blank\" rel=\"noreferrer noopener\">Reservierung <\/a>\u00fcber den ADFC Unna.<\/p>\n\n\n\n<p><strong>F\u00fcr wie lange kann HOLLA\nausgeliehen werden?<\/strong><\/p>\n\n\n\n<p>Sofern keine weitere Reservierung im Wunschzeitraum vorliegt, kann HOLLA ein bis drei Tage am St\u00fcck oder \u00fcbers Wochenende kostenlos ausgeliehen werden. <\/p>\n\n\n\n<p><strong>F\u00fcr wen ist HOLLA\ngedacht?<\/strong><\/p>\n\n\n\n<p>Das\nAngebot richtet sich an alle Holzwickeder B\u00fcrger*innen und Vereine, die sich\nmit dem Einsatz von HOLLA f\u00fcr die Umwelt engagieren m\u00f6chten. <\/p>\n\n\n\n<p><strong>Wie ist das Fahren mit\neinem E-Lastenfahrrad?<\/strong><\/p>\n\n\n\n<p>Das\nFahren mit einem E-Lastenfahrrad f\u00fchlt sich anfangs ziemlich ungewohnt an.\nDaher empfehlen wir unbedingt, zu Beginn der Ausleihe etwas Zeit f\u00fcr eine\nEinweisung sowie eine kurze Probefahrt einzuplanen.<\/p>\n\n\n\n<p><strong>Welche Tipps gibt es f\u00fcr\ndas Fahren mit HOLLA?<\/strong><\/p>\n\n\n\n<p>Langsam anfangen; am besten mit niedriger oder ganz ohne Unterst\u00fctzung des E-Motors, um ein Gef\u00fchl f\u00fcr die Lenkung zu bekommen. Auch mit der Bedienungsanleitung und dem Bremsverhalten sollte man sich vertraut machen. Ebenso ratsam ist das Tragen eines Helms. Hier gibt es eine ausf\u00fchrliche <a rel=\"noreferrer noopener\" aria-label=\"Bedienungsanleitung des Herstellers (\u00f6ffnet in neuem Tab)\" href=\"https:\/\/www.babboe-manuals.com\/wp-content\/uploads\/2019\/03\/babboe-manual-6-standen.pdf\" target=\"_blank\">Bedienungsanleitung des Herstellers<\/a>, die man sich aus dem Netz herunterladen kann.<\/p>\n\n\n\n<p><strong>Wo kann ich HOLLA\nabholen und gibt es einen Ansprechpartner vor Ort?<\/strong><\/p>\n\n\n\n<p>Bei R\u00fcckfragen steht Euch Thomas Kuck gerne zur Verf\u00fcgung:<\/p>\n\n\n\n<p><br>Portlandweg 12<br>59439 Holzwickede<\/p>\n\n\n\n<p>Der Ortsverband B\u00fcndnis 90 \/ Die Gr\u00fcnen in Holzwickede w\u00fcnscht Euch viel Spa\u00df mit HOLLA und allzeit gute Fahrt!<\/p>\n\n\n\n<figure class=\"wp-block-image\"><img loading=\"lazy\" decoding=\"async\" width=\"800\" height=\"600\" src=\"https:\/\/gruene-holzwickede.de\/wp-content\/uploads\/2019\/09\/61639970_1039929616205425_8112993196927090688_o-800x600.jpg\" alt=\"Vorstellung HOLLA \" class=\"wp-image-516\" srcset=\"https:\/\/gruene-holzwickede.de\/wp-content\/uploads\/2019\/09\/61639970_1039929616205425_8112993196927090688_o-800x600.jpg 800w, https:\/\/gruene-holzwickede.de\/wp-content\/uploads\/2019\/09\/61639970_1039929616205425_8112993196927090688_o-400x300.jpg 400w, https:\/\/gruene-holzwickede.de\/wp-content\/uploads\/2019\/09\/61639970_1039929616205425_8112993196927090688_o-768x576.jpg 768w, https:\/\/gruene-holzwickede.de\/wp-content\/uploads\/2019\/09\/61639970_1039929616205425_8112993196927090688_o-150x113.jpg 150w, https:\/\/gruene-holzwickede.de\/wp-content\/uploads\/2019\/09\/61639970_1039929616205425_8112993196927090688_o.jpg 1600w\" sizes=\"auto, (max-width: 800px) 100vw, 800px\" \/><figcaption>Vorstellung des neuen Lasenrades der Gr\u00fcnen anl\u00e4\u00dflich der Europawahl 2019<\/figcaption><\/figure>\n","protected":false},"excerpt":{"rendered":"<p>Nutzt den kostenlosen Verleih unseres HOLLA E-Lastenrades.<\/p>\n","protected":false},"author":2,"featured_media":416,"parent":97,"menu_order":0,"comment_status":"closed","ping_status":"closed","template":"","meta":{"footnotes":""},"class_list":["post-511","page","type-page","status-publish","has-post-thumbnail","hentry"],"_links":{"self":[{"href":"https:\/\/gruene-holzwickede.de\/index.php?rest_route=\/wp\/v2\/pages\/511","targetHints":{"allow":["GET"]}}],"collection":[{"href":"https:\/\/gruene-holzwickede.de\/index.php?rest_route=\/wp\/v2\/pages"}],"about":[{"href":"https:\/\/gruene-holzwickede.de\/index.php?rest_route=\/wp\/v2\/types\/page"}],"author":[{"embeddable":true,"href":"https:\/\/gruene-holzwickede.de\/index.php?rest_route=\/wp\/v2\/users\/2"}],"replies":[{"embeddable":true,"href":"https:\/\/gruene-holzwickede.de\/index.php?rest_route=%2Fwp%2Fv2%2Fcomments&post=511"}],"version-history":[{"count":5,"href":"https:\/\/gruene-holzwickede.de\/index.php?rest_route=\/wp\/v2\/pages\/511\/revisions"}],"predecessor-version":[{"id":1279,"href":"https:\/\/gruene-holzwickede.de\/index.php?rest_route=\/wp\/v2\/pages\/511\/revisions\/1279"}],"up":[{"embeddable":true,"href":"https:\/\/gruene-holzwickede.de\/index.php?rest_route=\/wp\/v2\/pages\/97"}],"wp:featuredmedia":[{"embeddable":true,"href":"https:\/\/gruene-holzwickede.de\/index.php?rest_route=\/wp\/v2\/media\/416"}],"wp:attachment":[{"href":"https:\/\/gruene-holzwickede.de\/index.php?rest_route=%2Fwp%2Fv2%2Fmedia&parent=511"}],"curies":[{"name":"wp","href":"https:\/\/api.w.org\/{rel}","templated":true}]}}